{"id":25169,"date":"2022-07-04T19:07:14","date_gmt":"2022-07-04T16:07:14","guid":{"rendered":"https:\/\/www.klimikdergisi.org\/?page_id=25169"},"modified":"2022-07-04T19:07:14","modified_gmt":"2022-07-04T16:07:14","slug":"editoryal-degerlendirme-sureci","status":"publish","type":"page","link":"https:\/\/www.klimikdergisi.org\/tr\/editoryal-degerlendirme-sureci\/","title":{"rendered":"Editoryal De\u011ferlendirme S\u00fcreci"},"content":{"rendered":"<p><i><span style=\"font-weight: 400;\">Klimik Dergisi<\/span><\/i><span style=\"font-weight: 400;\">\u2019nin edit\u00f6rl\u00fck ve yay\u0131n s\u00fcre\u00e7leri \u201cInternational Committee of Medical Journal Editors (ICMJE)\u201d, \u201cWorld Association of Medical Editors (WAME)\u201d, \u201cCouncil of Science Editors (CSE)\u201d, \u201cCommittee on Publication Ethics (COPE)\u201d, \u201cEuropean Association of Science Editors (EASE)\u201d ve \u201cNational Information Standards Organization (NISO)\u201d organizasyonlar\u0131n\u0131n k\u0131lavuzlar\u0131na uygun olarak tasarlanm\u0131\u015ft\u0131r ve \u201cPrinciples of Transparency and Best Practice in Scholarly Publishing (doaj.org\/bestpractice)\u201d ilkelerine uygun olarak y\u00fcr\u00fct\u00fclmektedir.<\/span><\/p>\n<p><span style=\"font-weight: 400;\">Yazarlar makale g\u00f6nderimlerini <\/span><i><span style=\"font-weight: 400;\">Klimik Dergisi<\/span><\/i><span style=\"font-weight: 400;\">\u2019nin online makale kabul sistemi \u00fczerinden yapar. Sisteme y\u00fcklenen makaleler \u00f6ncelikle teknik a\u00e7\u0131dan kontrol edilir. Yaz\u0131m dili, \u015fekil ve tablolar, makaleyle ilgili gerekli belgeler (yazar katk\u0131 formu, telif hakk\u0131 onay formu, olgu sunumlar\u0131 i\u00e7in hasta onam\u0131, etik kurul onay\u0131), kaynak g\u00f6sterimi g\u00f6zden ge\u00e7irilir ve intihal kontrol\u00fc yap\u0131l\u0131r. Bu a\u015famay\u0131 ge\u00e7en makale ba\u015f edit\u00f6re y\u00f6nlendirilir. Ba\u015f edit\u00f6r makale i\u00e7eri\u011finin dergi yay\u0131n politikas\u0131 ile uyumlu olup olmad\u0131\u011f\u0131n\u0131, dergi yay\u0131n kurallar\u0131na uygun haz\u0131rlan\u0131p haz\u0131rlanmad\u0131\u011f\u0131n\u0131, alana bilimsel katk\u0131s\u0131n\u0131 de\u011ferlendirir. Bu de\u011ferlendirmeyi ge\u00e7en makaleler bilimsel i\u00e7erik kontrol s\u00fcrecinin ba\u015flat\u0131lmas\u0131 i\u00e7in edit\u00f6re y\u00f6nlendirilir. Edit\u00f6r makalenin bilimsel i\u00e7eri\u011fini de\u011ferlendirmeleri, \u00f6neri, ele\u015ftiri ve katk\u0131lar\u0131n\u0131 bildirmeleri i\u00e7in sistem \u00fczerinden en az iki dan\u0131\u015fman atar. Gerekli g\u00f6rd\u00fc\u011f\u00fc durumlarda ayr\u0131ca \u0130statistik Edit\u00f6r\u00fc\u2019ne de y\u00f6nlendirir. Dan\u0131\u015fmanlar\u0131n konusunda uzman ki\u015filer aras\u0131ndan, yazarlarla \u00e7\u0131kar \u00e7at\u0131\u015fmas\u0131 olmayan ki\u015filerden se\u00e7ilmesine \u00f6zen g\u00f6sterilir. Makale dan\u0131\u015fmanlara g\u00f6nderilirken herhangi bir yanl\u0131l\u0131\u011f\u0131 engellemek i\u00e7in yazar ve \u00e7al\u0131\u015fman\u0131n yap\u0131ld\u0131\u011f\u0131 kurum bilgileri gizlenir. Dan\u0131\u015fmanlar\u0131n \u00f6neri, ele\u015ftiri ve katk\u0131lar\u0131 edit\u00f6r taraf\u0131ndan g\u00f6zden ge\u00e7irilir ve yeterli bulundu\u011fu takdirde yazara iletilir. Edit\u00f6r gerekli g\u00f6rd\u00fc\u011f\u00fc durumlarda makaleyi de\u011ferlendirmek \u00fczere ba\u015fka dan\u0131\u015fmanlara da y\u00f6nlendirir. \u00d6neri, ele\u015ftiri ve katk\u0131lar yazarlara iletilirken dan\u0131\u015fman isimleri gizlenir. B\u00f6ylelikle makalelerin bilimsel i\u00e7eri\u011finin \u00e7ift k\u00f6r y\u00f6ntemle, yanl\u0131l\u0131ktan uzak ve objektif bir \u015fekilde de\u011ferlendirilmesi sa\u011flan\u0131r. Yazarlar\u0131n gerekli d\u00fczenlemeleri yapmalar\u0131n\u0131n ard\u0131ndan makale tekrar edit\u00f6re ve edit\u00f6rden de dan\u0131\u015fmanlara g\u00f6nderilerek yeniden de\u011ferlendirilir. Bu de\u011ferlendirmede yeterli g\u00f6r\u00fclen makaleler yay\u0131mlanmak \u00fczere kabul edilir. Dan\u0131\u015fmanlar\u0131n yay\u0131mlanmaya uygun g\u00f6rmedi\u011fi makaleler reddedilir. Yay\u0131ma kabul edilen makaleler \u0130ngilizce ve T\u00fcrk\u00e7e dil edit\u00f6rleri taraf\u0131ndan g\u00f6zden ge\u00e7irildikten sonra yay\u0131nc\u0131 taraf\u0131ndan dizilir, makalenin dizilmi\u015f hali son kontrol i\u00e7in yazarlara g\u00f6nderilerek onaylar\u0131 al\u0131n\u0131r. Bu \u015fekilde yay\u0131ma haz\u0131r hale gelen makaleler derginin web sitesinde elektronik olarak yay\u0131mlan\u0131r.\u00a0<\/span><\/p>\n<p><span style=\"font-weight: 400;\">Ba\u015f edit\u00f6r, makaleleri, yazarlar\u0131n ya\u015f\u0131ndan, etnik k\u00f6keninden, cinsiyetinden, uyru\u011fundan, dini inanc\u0131ndan, cinsel y\u00f6neliminden ve siyasi g\u00f6r\u00fc\u015f\u00fcnden ba\u011f\u0131ms\u0131z olarak de\u011ferlendirir.\u00a0<\/span><\/p>\n<p><span style=\"font-weight: 400;\">Dan\u0131\u015fman de\u011ferlendirmeleri objektif olmal\u0131d\u0131r. Edit\u00f6r, dan\u0131\u015fman\u0131n a\u015fa\u011f\u0131daki hususlar\u0131 dikkate al\u0131p almad\u0131\u011f\u0131n\u0131 kontrol etmelidir:\u00a0\u00a0<\/span><\/p>\n<ul>\n<li style=\"font-weight: 400;\" aria-level=\"1\"><span style=\"font-weight: 400;\">Makale yeni ve \u00f6nemli bir bilgi i\u00e7eriyor mu?<\/span><\/li>\n<li style=\"font-weight: 400;\" aria-level=\"1\"><span style=\"font-weight: 400;\">\u00d6zet, makalenin i\u00e7eri\u011fini anla\u015f\u0131l\u0131r bir \u015fekilde tan\u0131ml\u0131yor mu?<\/span><\/li>\n<li style=\"font-weight: 400;\" aria-level=\"1\"><span style=\"font-weight: 400;\">\u00c7al\u0131\u015fman\u0131n hipotezi, amac\u0131 a\u00e7\u0131k bir \u015fekilde belirtilmi\u015f mi?<\/span><\/li>\n<li style=\"font-weight: 400;\" aria-level=\"1\"><span style=\"font-weight: 400;\">Ara\u015ft\u0131rma y\u00f6ntemi anla\u015f\u0131l\u0131r \u015fekilde tan\u0131mlanm\u0131\u015f m\u0131? Y\u00f6ntem hipotezi test etmek i\u00e7in uygun mu?<\/span><\/li>\n<li style=\"font-weight: 400;\" aria-level=\"1\"><span style=\"font-weight: 400;\">Bulgular k\u0131sm\u0131nda \u00e7al\u0131\u015fmadan elde edilen bulgular yorum kat\u0131lmadan, a\u00e7\u0131k ve anla\u015f\u0131l\u0131r \u015fekilde verilmi\u015f mi?<\/span><\/li>\n<li style=\"font-weight: 400;\" aria-level=\"1\"><span style=\"font-weight: 400;\">Tart\u0131\u015fma k\u0131sm\u0131nda yap\u0131lan yorum ve var\u0131lan sonu\u00e7lar bulgularla destekleniyor mu?<\/span><\/li>\n<li style=\"font-weight: 400;\" aria-level=\"1\"><span style=\"font-weight: 400;\">Ulusal ve uluslararas\u0131 \u00e7al\u0131\u015fmalara yeterli referans verilmi\u015f mi?<\/span><\/li>\n<li style=\"font-weight: 400;\" aria-level=\"1\"><span style=\"font-weight: 400;\">Makalenin dili kurallara uygun ve anla\u015f\u0131l\u0131r m\u0131?<\/span><\/li>\n<\/ul>\n<p><span style=\"font-weight: 400;\">Ara\u015ft\u0131rmalara yap\u0131lan k\u0131smi de olsa nakdi ya da ayni yard\u0131mlar\u0131n hangi kurum, kurulu\u015f, ila\u00e7-gere\u00e7 firmalar\u0131nca yap\u0131ld\u0131\u011f\u0131 dipnot olarak bildirilmelidir.<\/span><\/p>\n<p><span style=\"font-weight: 400;\">Yay\u0131mlanmas\u0131 istenen metnin dayand\u0131\u011f\u0131 \u00e7al\u0131\u015fma daha \u00f6nce ba\u015fka bir yerde yay\u0131mlanm\u0131\u015f ya da yay\u0131mlanmak \u00fczere teslim edilmi\u015f veya kabul edilmi\u015f olmamal\u0131d\u0131r. \u00d6zet bi\u00e7iminde yay\u0131mlanm\u0131\u015f bir \u00f6n bildirinin bitmi\u015f bi\u00e7imine yer verilebilir. Yay\u0131mlanmas\u0131 istenen metnin herhangi bir b\u00f6l\u00fcm\u00fcnde \u00e7\u0131kar\u0131lmas\u0131 istenen bir b\u00f6l\u00fcm oldu\u011fu takdirde de yine bir yaz\u0131yla ba\u015fvuru yap\u0131l\u0131r ve gerekli de\u011fi\u015fikli\u011fin yap\u0131lmas\u0131 istenir.<\/span><\/p>\n<p><span style=\"font-weight: 400;\">Yay\u0131mlanmas\u0131 istenen metin herhangi bir nedenle yazar(lar)ca geri \u00e7ekilmek istenirse nedenleri a\u00e7\u0131klayan bir yaz\u0131yla ba\u015fvuru yap\u0131l\u0131r.<\/span><\/p>\n<h3>Telif Hakk\u0131<\/h3>\n<p><span style=\"font-weight: 400;\">Yazarlar\u00a0<\/span><a href=\"https:\/\/www.klimikdergisi.org\/wp-content\/uploads\/2021\/05\/THO.FORMU_.pdf\"><b>Telif Hakk\u0131 Onay Formunu<\/b><\/a><b>\u00a0<\/b><span style=\"font-weight: 400;\">doldurarak, makalelerinin telif hakk\u0131n\u0131\u00a0<\/span><i><span style=\"font-weight: 400;\">Klimik Dergisi<\/span><\/i><span style=\"font-weight: 400;\">\u2019ne b\u0131rakt\u0131klar\u0131n\u0131 belirtmelidirler. Doldurulan form online makale kabul sistemine y\u00fcklenmelidir. Yazarlar bu formu imzalad\u0131klar\u0131nda makalelerinin\u00a0<\/span><i><span style=\"font-weight: 400;\">Klimik Dergisi<\/span><\/i><span style=\"font-weight: 400;\">\u2019nde yay\u0131mlanmas\u0131 halinde \u201cCreative Commons Attribution-Non Commercial 4.0<\/span><span style=\"font-weight: 400;\"><br \/>\n<\/span><span style=\"font-weight: 400;\">International License (<\/span><a href=\"https:\/\/creativecommons.org\/licenses\/by-nc\/4.0\/\"><b>CC-BY-NC<\/b><\/a><span style=\"font-weight: 400;\">)\u201d uygulamalar\u0131na tabi olaca\u011f\u0131n\u0131 kabul etmi\u015f olurlar.\u00a0<\/span><\/p>\n<p><span style=\"font-weight: 400;\">Yazarlar makalede kulland\u0131klar\u0131 ve daha \u00f6nce ba\u015fka bir mecrada (yaz\u0131l\u0131 veya elektronik) yay\u0131mlanm\u0131\u015f tablo, grafik, \u015fekil gibi i\u00e7eriklerin kullan\u0131m iznini alm\u0131\u015f olmal\u0131d\u0131rlar. Bu i\u00e7eriklerden do\u011fabilecek her t\u00fcrl\u00fc yasal ve ekonomik sorumluluk yazarlara ait olacakt\u0131r.<\/span><\/p>\n<h3>Yazar Katk\u0131s\u0131<\/h3>\n<p><span style=\"font-weight: 400;\">Makalede yazar olarak yer alan her bir ki\u015finin <\/span><span style=\"font-weight: 400;\">\u201cInternational Committee of Medical Journal Editors (ICMJE)\u201d<\/span><span style=\"font-weight: 400;\">nin \u00f6nerdi\u011fi yazarl\u0131k kriterlerini kar\u015f\u0131lam\u0131\u015f olmas\u0131 beklenir (ICMJE \u2013<\/span><b>\u00a0<\/b><a href=\"http:\/\/www.icmje.org\/\"><b>www.icmje.org<\/b><\/a><span style=\"font-weight: 400;\">).\u00a0\u00a0<\/span><\/p>\n<p><span style=\"font-weight: 400;\">ICMJE, yazarlar\u0131n a\u015fa\u011f\u0131daki 4 ko\u015fulu kar\u015f\u0131lamas\u0131n\u0131 \u00f6nermektedir:<\/span><\/p>\n<ol>\n<li style=\"font-weight: 400;\" aria-level=\"1\"><span style=\"font-weight: 400;\">\u00c7al\u0131\u015fman\u0131n konseptine\/tasar\u0131m\u0131na; ya da \u00e7al\u0131\u015fma i\u00e7in verilerin toplanmas\u0131na, analiz edilmesine ve yorumlanmas\u0131na \u00f6nemli katk\u0131 sa\u011flam\u0131\u015f olmak,<\/span><\/li>\n<li style=\"font-weight: 400;\" aria-level=\"1\"><span style=\"font-weight: 400;\">\u00a0Yaz\u0131 tasla\u011f\u0131n\u0131 haz\u0131rlam\u0131\u015f ya da \u00f6nemli fikirsel i\u00e7eri\u011fin ele\u015ftirel incelemelerini yapm\u0131\u015f olmak,<\/span><\/li>\n<li style=\"font-weight: 400;\" aria-level=\"1\"><span style=\"font-weight: 400;\">\u00a0Yaz\u0131n\u0131n yay\u0131ndan \u00f6nceki son halini g\u00f6zden ge\u00e7irmi\u015f ve onaylam\u0131\u015f olmak,<\/span><\/li>\n<li style=\"font-weight: 400;\" aria-level=\"1\"><span style=\"font-weight: 400;\">\u00c7al\u0131\u015fman\u0131n herhangi bir b\u00f6l\u00fcm\u00fcn\u00fcn ge\u00e7erlili\u011fi ve do\u011frulu\u011funa ili\u015fkin sorular\u0131n uygun \u015fekilde soru\u015fturuldu\u011funun ve \u00e7\u00f6z\u00fcmlendi\u011finin garantisini vermek amac\u0131yla \u00e7al\u0131\u015fman\u0131n her y\u00f6n\u00fcnden sorumlu olmay\u0131 kabul etmek.<\/span><\/li>\n<\/ol>\n<p><span style=\"font-weight: 400;\">\u0130leti\u015fim kurulacak yazar makalenin y\u00fcklenmesi s\u0131ras\u0131nda her bir yazar\u0131n makaleye hangi a\u015famalarda ve ne kadar katk\u0131da bulundu\u011funu g\u00f6steren\u00a0<\/span><a href=\"https:\/\/www.klimikdergisi.org\/wp-content\/uploads\/2021\/05\/YK.FORMU_.pdf\"><b>Yazar Katk\u0131 Formunu<\/b><\/a><span style=\"font-weight: 400;\">\u00a0doldurarak\u00a0online makale kabul sistemine\u00a0y\u00fcklemelidir.<\/span><\/p>\n","protected":false},"excerpt":{"rendered":"<p>Klimik Dergisi\u2019nin edit\u00f6rl\u00fck ve yay\u0131n s\u00fcre\u00e7leri \u201cInternational Committee of Medical Journal Editors (ICMJE)\u201d, \u201cWorld Association of Medical Editors (WAME)\u201d, \u201cCouncil of Science Editors (CSE)\u201d, \u201cCommittee on Publication Ethics (COPE)\u201d, \u201cEuropean Association of Science Editors (EASE)\u201d ve \u201cNational Information Standards Organization (NISO)\u201d organizasyonlar\u0131n\u0131n k\u0131lavuzlar\u0131na uygun olarak tasarlanm\u0131\u015ft\u0131r ve \u201cPrinciples of Transparency and Best Practice in Scholarly [&hellip;]<\/p>\n","protected":false},"author":2,"featured_media":0,"parent":0,"menu_order":6,"comment_status":"closed","ping_status":"closed","template":"","meta":{"_acf_changed":false,"footnotes":""},"class_list":["post-25169","page","type-page","status-publish","hentry"],"acf":[],"_links":{"self":[{"href":"https:\/\/www.klimikdergisi.org\/tr\/wp-json\/wp\/v2\/pages\/25169","targetHints":{"allow":["GET"]}}],"collection":[{"href":"https:\/\/www.klimikdergisi.org\/tr\/wp-json\/wp\/v2\/pages"}],"about":[{"href":"https:\/\/www.klimikdergisi.org\/tr\/wp-json\/wp\/v2\/types\/page"}],"author":[{"embeddable":true,"href":"https:\/\/www.klimikdergisi.org\/tr\/wp-json\/wp\/v2\/users\/2"}],"replies":[{"embeddable":true,"href":"https:\/\/www.klimikdergisi.org\/tr\/wp-json\/wp\/v2\/comments?post=25169"}],"version-history":[{"count":2,"href":"https:\/\/www.klimikdergisi.org\/tr\/wp-json\/wp\/v2\/pages\/25169\/revisions"}],"predecessor-version":[{"id":25171,"href":"https:\/\/www.klimikdergisi.org\/tr\/wp-json\/wp\/v2\/pages\/25169\/revisions\/25171"}],"wp:attachment":[{"href":"https:\/\/www.klimikdergisi.org\/tr\/wp-json\/wp\/v2\/media?parent=25169"}],"curies":[{"name":"wp","href":"https:\/\/api.w.org\/{rel}","templated":true}]}}