{"id":25166,"date":"2022-07-04T19:03:15","date_gmt":"2022-07-04T16:03:15","guid":{"rendered":"https:\/\/www.klimikdergisi.org\/?page_id=25166"},"modified":"2026-03-10T15:25:57","modified_gmt":"2026-03-10T12:25:57","slug":"danisman-degerlendirme-sureci","status":"publish","type":"page","link":"https:\/\/www.klimikdergisi.org\/tr\/danisman-degerlendirme-sureci\/","title":{"rendered":"Dan\u0131\u015fman De\u011ferlendirme S\u00fcreci"},"content":{"rendered":"<p>Yazarlar makale g\u00f6nderimlerini <em>Klimik Dergisi<\/em>\u2019nin online makale kabul sistemi \u00fczerinden yapar. Sisteme y\u00fcklenen makaleler \u00f6ncelikle teknik a\u00e7\u0131dan kontrol edilir. Yaz\u0131m dili, \u015fekil ve tablolar, makaleyle ilgili gerekli belgeler (yazar katk\u0131 formu, telif hakk\u0131 onay formu, olgu sunumlar\u0131 i\u00e7in hasta onam\u0131, etik kurul onay\u0131), kaynak g\u00f6sterimi g\u00f6zden ge\u00e7irilir ve intihal kontrol\u00fc yap\u0131l\u0131r. Bu a\u015famay\u0131 ge\u00e7en makale ba\u015f edit\u00f6re y\u00f6nlendirilir. Ba\u015f edit\u00f6r makale i\u00e7eri\u011finin dergi yay\u0131n politikas\u0131 ile uyumlu olup olmad\u0131\u011f\u0131n\u0131, dergi yay\u0131n kurallar\u0131na uygun haz\u0131rlan\u0131p haz\u0131rlanmad\u0131\u011f\u0131n\u0131, alana bilimsel katk\u0131s\u0131n\u0131 de\u011ferlendirir. Bu de\u011ferlendirmeyi ge\u00e7en makaleler bilimsel i\u00e7erik kontrol s\u00fcrecinin ba\u015flat\u0131lmas\u0131 i\u00e7in edit\u00f6re y\u00f6nlendirilir. Edit\u00f6r makalenin bilimsel i\u00e7eri\u011fini de\u011ferlendirmeleri, \u00f6neri, ele\u015ftiri ve katk\u0131lar\u0131n\u0131 bildirmeleri i\u00e7in sistem \u00fczerinden en az iki dan\u0131\u015fman atar. Gerekli g\u00f6rd\u00fc\u011f\u00fc durumlarda ayr\u0131ca \u0130statistik Edit\u00f6r\u00fc\u2019ne de y\u00f6nlendirir. Dan\u0131\u015fmanlar\u0131n konusunda uzman ki\u015filer aras\u0131ndan, yazarlarla \u00e7\u0131kar \u00e7at\u0131\u015fmas\u0131 olmayan ki\u015filerden se\u00e7ilmesine \u00f6zen g\u00f6sterilir. Makale dan\u0131\u015fmanlara g\u00f6nderilirken herhangi bir yanl\u0131l\u0131\u011f\u0131 engellemek i\u00e7in yazar ve \u00e7al\u0131\u015fman\u0131n yap\u0131ld\u0131\u011f\u0131 kurum bilgileri gizlenir. Dan\u0131\u015fmanlar\u0131n \u00f6neri, ele\u015ftiri ve katk\u0131lar\u0131 edit\u00f6r taraf\u0131ndan g\u00f6zden ge\u00e7irilir ve yeterli bulundu\u011fu takdirde yazara iletilir. Edit\u00f6r gerekli g\u00f6rd\u00fc\u011f\u00fc durumlarda makaleyi de\u011ferlendirmek \u00fczere ba\u015fka dan\u0131\u015fmanlara da y\u00f6nlendirir. \u00d6neri, ele\u015ftiri ve katk\u0131lar yazarlara iletilirken dan\u0131\u015fman isimleri gizlenir. B\u00f6ylelikle makalelerin bilimsel i\u00e7eri\u011finin \u00e7ift k\u00f6r y\u00f6ntemle, yanl\u0131l\u0131ktan uzak ve objektif bir \u015fekilde de\u011ferlendirilmesi sa\u011flan\u0131r. Yazarlar\u0131n gerekli d\u00fczenlemeleri yapmalar\u0131n\u0131n ard\u0131ndan makale tekrar edit\u00f6re ve edit\u00f6rden de dan\u0131\u015fmanlara g\u00f6nderilerek yeniden de\u011ferlendirilir. Bu de\u011ferlendirmede yeterli g\u00f6r\u00fclen makaleler yay\u0131mlanmak \u00fczere kabul edilir. Dan\u0131\u015fmanlar\u0131n yay\u0131mlanmaya uygun g\u00f6rmedi\u011fi makaleler reddedilir. Yay\u0131ma kabul edilen makaleler \u0130ngilizce ve T\u00fcrk\u00e7e dil edit\u00f6rleri taraf\u0131ndan g\u00f6zden ge\u00e7irildikten sonra yay\u0131nc\u0131 taraf\u0131ndan dizilir, makalenin dizilmi\u015f hali son kontrol i\u00e7in yazarlara g\u00f6nderilerek onaylar\u0131 al\u0131n\u0131r. Bu \u015fekilde yay\u0131ma haz\u0131r hale gelen makaleler derginin web sitesinde elektronik olarak yay\u0131mlan\u0131r.<\/p>\n<p data-start=\"2542\" data-end=\"2722\">Ba\u015f Edit\u00f6r, makaleleri, yazarlar\u0131n ya\u015f\u0131ndan, etnik k\u00f6keninden, cinsiyetinden, uyru\u011fundan, dini inanc\u0131ndan, cinsel y\u00f6neliminden ve siyasi g\u00f6r\u00fc\u015f\u00fcnden ba\u011f\u0131ms\u0131z olarak de\u011ferlendirir.<\/p>\n<p data-start=\"2724\" data-end=\"2858\">Dan\u0131\u015fman de\u011ferlendirmeleri objektif olmal\u0131d\u0131r. Bir dan\u0131\u015fman\u0131n a\u015fa\u011f\u0131daki hususlar\u0131 dikkate alarak de\u011ferlendirmesini yapmas\u0131 beklenir:<\/p>\n<ul>\n<li data-start=\"2862\" data-end=\"2908\">Makale yeni ve \u00f6nemli bir bilgi i\u00e7eriyor mu?<\/li>\n<li data-start=\"2911\" data-end=\"2975\">\u00d6zet, makalenin i\u00e7eri\u011fini anla\u015f\u0131l\u0131r bir \u015fekilde tan\u0131ml\u0131yor mu?<\/li>\n<li data-start=\"2978\" data-end=\"3041\">\u00c7al\u0131\u015fman\u0131n hipotezi ve amac\u0131 a\u00e7\u0131k bir \u015fekilde belirtilmi\u015f mi?<\/li>\n<li data-start=\"3044\" data-end=\"3139\">Ara\u015ft\u0131rma y\u00f6ntemi anla\u015f\u0131l\u0131r \u015fekilde tan\u0131mlanm\u0131\u015f m\u0131? Y\u00f6ntem hipotezi test etmek i\u00e7in uygun mu?<\/li>\n<li data-start=\"3142\" data-end=\"3250\">Bulgular k\u0131sm\u0131nda \u00e7al\u0131\u015fmadan elde edilen bulgular yorum kat\u0131lmadan, a\u00e7\u0131k ve anla\u015f\u0131l\u0131r \u015fekilde verilmi\u015f mi?<\/li>\n<li data-start=\"3253\" data-end=\"3335\">Tart\u0131\u015fma k\u0131sm\u0131nda yap\u0131lan yorum ve var\u0131lan sonu\u00e7lar bulgularla destekleniyor mu?<\/li>\n<li data-start=\"3338\" data-end=\"3404\">Ulusal ve uluslararas\u0131 \u00e7al\u0131\u015fmalara yeterli referans verilmi\u015f mi?<\/li>\n<li data-start=\"3407\" data-end=\"3456\">Makalenin dili kurallara uygun ve anla\u015f\u0131l\u0131r m\u0131?<\/li>\n<\/ul>\n<p data-start=\"3458\" data-end=\"3673\">Dan\u0131\u015fmanlar, g\u00f6nderilen makalelere ili\u015fkin t\u00fcm bilginin makale yay\u0131mlanana kadar gizli kalmas\u0131n\u0131 sa\u011flamal\u0131 ve yazar taraf\u0131nda herhangi bir telif hakk\u0131 ihlali veya intihal fark ederlerse bunu edit\u00f6re bildirmelidir.<\/p>\n<p data-start=\"3675\" data-end=\"3891\">Dan\u0131\u015fman, makale konusu hakk\u0131nda kendisini yetkin g\u00f6rm\u00fcyorsa ya da makaleyi zaman\u0131nda de\u011ferlendiremeyecekse, edit\u00f6re bu durumu en k\u0131sa zamanda bildirmeli ve dan\u0131\u015fman s\u00fcrecine kendisini dahil etmemesini istemelidir.<\/p>\n<p data-start=\"3893\" data-end=\"4250\">Makaleler yazarlar\u0131n \u00f6zel m\u00fclk\u00fc niteli\u011findedir. Dan\u0131\u015fmanlar ve yay\u0131n kurulu \u00fcyeleri makaleleri ba\u015fka ki\u015filerle tart\u0131\u015famazlar. Veri koruma, gizlilik ve yay\u0131n eti\u011fi ilkeleri gere\u011fince, dan\u0131\u015fmanlara tam metnin veya kimli\u011fi belirlenebilir herhangi bir i\u00e7eri\u011fin \u00fcretken yapay zek\u00e2 ara\u00e7lar\u0131na ya da harici platformlara y\u00fcklenmemesi gerekti\u011fini \u00f6nemle hat\u0131rlat\u0131r\u0131z.<\/p>\n<p data-start=\"4252\" data-end=\"4564\">Dan\u0131\u015fmanlar, kendi de\u011ferlendirme raporlar\u0131n\u0131n d\u00fczenlenmesi, dilinin g\u00f6zden ge\u00e7irilmesi veya anlat\u0131m\u0131n\u0131n daha a\u00e7\u0131k hale getirilmesi amac\u0131yla yapay zek\u00e2 tabanl\u0131 ara\u00e7lardan yararlanabilirler. Ancak bu s\u00fcre\u00e7te makaleye ait dosyalar\u0131n, verilerin veya gizli bilgilerin s\u00f6z konusu ara\u00e7larla payla\u015f\u0131lmamas\u0131 gerekmektedir.<\/p>\n<p data-start=\"4566\" data-end=\"4810\">Yapay zek\u00e2 ara\u00e7lar\u0131 taraf\u0131ndan \u00fcretilen \u00f6neriler ele\u015ftirel bi\u00e7imde de\u011ferlendirilmelidir. \u00a0Dan\u0131\u015fmanlar de\u011ferlendirme raporlar\u0131n\u0131n i\u00e7eri\u011fi ve do\u011frulu\u011fundan tamamen sorumludur ve yapay zek\u00e2 \u00e7\u0131kt\u0131lar\u0131 do\u011frudan veya denetimsiz bi\u00e7imde kullan\u0131lmamal\u0131d\u0131r.<\/p>\n","protected":false},"excerpt":{"rendered":"<p>Yazarlar makale g\u00f6nderimlerini Klimik Dergisi\u2019nin online makale kabul sistemi \u00fczerinden yapar. Sisteme y\u00fcklenen makaleler \u00f6ncelikle teknik a\u00e7\u0131dan kontrol edilir. Yaz\u0131m dili, \u015fekil ve tablolar, makaleyle ilgili gerekli belgeler (yazar katk\u0131 formu, telif hakk\u0131 onay formu, olgu sunumlar\u0131 i\u00e7in hasta onam\u0131, etik kurul onay\u0131), kaynak g\u00f6sterimi g\u00f6zden ge\u00e7irilir ve intihal kontrol\u00fc yap\u0131l\u0131r. Bu a\u015famay\u0131 ge\u00e7en makale [&hellip;]<\/p>\n","protected":false},"author":2,"featured_media":0,"parent":0,"menu_order":8,"comment_status":"closed","ping_status":"closed","template":"","meta":{"_acf_changed":false,"footnotes":""},"class_list":["post-25166","page","type-page","status-publish","hentry"],"acf":[],"_links":{"self":[{"href":"https:\/\/www.klimikdergisi.org\/tr\/wp-json\/wp\/v2\/pages\/25166","targetHints":{"allow":["GET"]}}],"collection":[{"href":"https:\/\/www.klimikdergisi.org\/tr\/wp-json\/wp\/v2\/pages"}],"about":[{"href":"https:\/\/www.klimikdergisi.org\/tr\/wp-json\/wp\/v2\/types\/page"}],"author":[{"embeddable":true,"href":"https:\/\/www.klimikdergisi.org\/tr\/wp-json\/wp\/v2\/users\/2"}],"replies":[{"embeddable":true,"href":"https:\/\/www.klimikdergisi.org\/tr\/wp-json\/wp\/v2\/comments?post=25166"}],"version-history":[{"count":2,"href":"https:\/\/www.klimikdergisi.org\/tr\/wp-json\/wp\/v2\/pages\/25166\/revisions"}],"predecessor-version":[{"id":31584,"href":"https:\/\/www.klimikdergisi.org\/tr\/wp-json\/wp\/v2\/pages\/25166\/revisions\/31584"}],"wp:attachment":[{"href":"https:\/\/www.klimikdergisi.org\/tr\/wp-json\/wp\/v2\/media?parent=25166"}],"curies":[{"name":"wp","href":"https:\/\/api.w.org\/{rel}","templated":true}]}}